{"id":697,"date":"2018-04-27T10:42:39","date_gmt":"2018-04-27T10:42:39","guid":{"rendered":"https:\/\/www.espazoabella.com\/nosotros\/"},"modified":"2019-01-07T13:21:56","modified_gmt":"2019-01-07T12:21:56","slug":"nos","status":"publish","type":"page","link":"https:\/\/www.espazoabella.com\/gl\/nos\/","title":{"rendered":"N\u00f3s"},"content":{"rendered":"<p>[vc_row container_wrap=&#8221;yes&#8221; el_class=&#8221;section-interior section-interior-primero&#8221;][vc_column][vc_row_inner][vc_column_inner el_class=&#8221;cuadro-texto cuadro-izquierda&#8221; width=&#8221;1\/2&#8243;][vc_column_text]<h2 class='titulo-interior' >Obxectivo<\/h2>[\/vc_column_text][vc_column_text]Di Andr\u00e9 \u00a0que o nome de ESPAZO ABELLA \u00e9 porque a \u201cAbella\u201d \u00e9 vital, saudable e traballa en equipo. Toda unha filosof\u00eda que resume o concepto desta empresa.<\/p>\n<p>En Espazo Abella hai Paix\u00f3n.\u00a0 Paix\u00f3n e Respecto pola\u00a0<strong>Gastronom\u00eda e a Coci\u00f1a<\/strong>.\u00a0Paix\u00f3n por ensinar, para aprender, para coci\u00f1ar, para degustar, para compartir momentos. Estamos abertos a un universo destinado a un dos praceres m\u00e1is primitivos do Home.<\/p>\n<p>Cos\u00a0nosos \u201c<a href=\"https:\/\/www.espazoabella.com\/gl\/cursos\/\">talleres monogr\u00e1ficos<\/a>\u201d imos gozar aprendendo a preparar eses pratos \u00a0que sempre quixemos saber facer. Dende as receitas m\u00e1is sinxelas \u00e1s \u00faltimas tendencias gastron\u00f3micas. (Coci\u00f1a de outono, coci\u00f1a para x\u00f3venes, como coci\u00f1ar sen manchar moito\u2026speaking&amp;cooking\u2026 imos\u00a0 \u00e1 praza con Andr\u00e9\u2026)<\/p>\n<p><a href=\"https:\/\/www.espazoabella.com\/gl\/eventos-privados\/\">Lugar ideal para eventos privados<\/a>: gozade das nosas instalaci\u00f3ns a vosa disposici\u00f3n, o mesmo para celebraci\u00f3ns que para reuni\u00f3ns profesionais, para realizar sesi\u00f3ns de traballo e logo almorzo. Un espazo de reuni\u00f3n con intimidade\u00a0 nun ambiente l\u00fadico. C\u00f3ntanos que necesitas e n\u00f3s axud\u00e1moste.<\/p>\n<p>Como nos gusta que o pases ben na coci\u00f1a \u00a0\u00edmoste ensinar como facelo. E como nos encanta comer o que coci\u00f1amos\u2026, agora \u00e9 cando toma valor a frase\u00a0 \u201cEu o guiso , eu o como\u201d. Ti s\u00f3 tes que vir e gozar.[\/vc_column_text][\/vc_column_inner][vc_column_inner width=&#8221;1\/2&#8243;][vc_column_text]<img loading=\"lazy\" class=\"alignnone wp-image-391 size-full\" src=\"https:\/\/www.espazoabella.com\/wp-content\/uploads\/2018\/11\/evento-1-1.jpg\" alt=\"\" width=\"555\" height=\"430\" srcset=\"https:\/\/www.espazoabella.com\/wp-content\/uploads\/2018\/11\/evento-1-1.jpg 555w, https:\/\/www.espazoabella.com\/wp-content\/uploads\/2018\/11\/evento-1-1-300x232.jpg 300w\" sizes=\"(max-width: 555px) 100vw, 555px\" \/>[\/vc_column_text][\/vc_column_inner][\/vc_row_inner][\/vc_column][\/vc_row][vc_row container_wrap=&#8221;yes&#8221; el_class=&#8221;section-interior&#8221;][vc_column][vc_row_inner][vc_column_inner el_class=&#8221;cuadro-imagen-izquierda&#8221; width=&#8221;1\/2&#8243;][vc_column_text]<img loading=\"lazy\" class=\"alignnone wp-image-392 size-full\" src=\"https:\/\/www.espazoabella.com\/wp-content\/uploads\/2018\/11\/evento-2-1.jpg\" alt=\"\" width=\"555\" height=\"430\" srcset=\"https:\/\/www.espazoabella.com\/wp-content\/uploads\/2018\/11\/evento-2-1.jpg 555w, https:\/\/www.espazoabella.com\/wp-content\/uploads\/2018\/11\/evento-2-1-300x232.jpg 300w\" sizes=\"(max-width: 555px) 100vw, 555px\" \/>[\/vc_column_text][\/vc_column_inner][vc_column_inner el_class=&#8221;cuadro-texto cuadro-derecha&#8221; width=&#8221;1\/2&#8243;][vc_column_text]<h2 class='titulo-interior' >Filosof\u00eda e valores<\/h2>[\/vc_column_text][vc_column_text]\u201cA \u00fanica maneira de facer un traballo xenial \u00e9 amar o que fas\u201d<\/p>\n<p>(Steve \u00a0Jobs)<\/p>\n<ul>\n<li><strong>Para que? <\/strong>Para aprender e gozar<\/li>\n<li><strong>Para quen? <\/strong>Para quen goce da coci\u00f1a, incluso coci\u00f1ando.<\/li>\n<li><strong>Como?<\/strong> En \u00a0cursos, talleres, eventos, celebraci\u00f3ns\u2026<\/li>\n<li><strong>Formaci\u00f3n l\u00fadica<\/strong>: coci\u00f1ar charlando, copa de vino en man e remate comendo o preparado.<\/li>\n<li><strong>Onde<\/strong>? En ESPAZO ABELLA , na \u00e1rea de Santiago de Compostela<\/li>\n<li><strong>Cando?<\/strong>\u00a0O\u00a0 ideal \u00e9 ao mediod\u00eda o pola noite, de todos modos cons\u00faltanos.<\/li>\n<\/ul>\n<p>[\/vc_column_text][\/vc_column_inner][\/vc_row_inner][\/vc_column][\/vc_row][vc_row container_wrap=&#8221;yes&#8221; el_class=&#8221;section-interior&#8221;][vc_column][vc_row_inner][vc_column_inner el_class=&#8221;cuadro-texto cuadro-izquierda&#8221; width=&#8221;1\/2&#8243;][vc_column_text]<h2 class='titulo-interior' >Historia<\/h2>[\/vc_column_text][vc_column_text]Empresa xove, ESPAZO ABELLA abriu as s\u00faas portas no ano 2017 na procura dun\u00a0<strong>espazo vers\u00e1til<\/strong>\u00a0\u00a0onde poder sincronizar un\u00a0<strong>aula de ensinanza para profesionais<\/strong>, <strong>talleres gastron\u00f3micos<\/strong>\u00a0 ou un <strong>espazo para realizar todo tipo de eventos<\/strong>\u00a0(reuni\u00f3ns de traballo e almorzo, \u00a0celebraci\u00f3ns,\u2026) . Non podemos esquecer a tarefa de \u00a0investigaci\u00f3n: actualizarse tam\u00e9n \u00e9 importante no mundo da gastronom\u00eda, no que cada d\u00eda xorden novidades que nos deixan sorprendidos. Espazo gastron\u00f3mico\u00a0onde a\u00a0<strong>innovaci\u00f3n e o I+D <\/strong>xogan un papel importante desenvolvido nun ambiente relaxado e cordial.[\/vc_column_text][\/vc_column_inner][vc_column_inner width=&#8221;1\/2&#8243;][vc_column_text]<img loading=\"lazy\" class=\"alignnone size-full wp-image-621\" src=\"https:\/\/www.espazoabella.com\/wp-content\/uploads\/2018\/12\/nosotros4.jpg\" alt=\"\" width=\"555\" height=\"430\" srcset=\"https:\/\/www.espazoabella.com\/wp-content\/uploads\/2018\/12\/nosotros4.jpg 555w, https:\/\/www.espazoabella.com\/wp-content\/uploads\/2018\/12\/nosotros4-300x232.jpg 300w\" sizes=\"(max-width: 555px) 100vw, 555px\" \/>[\/vc_column_text][\/vc_column_inner][\/vc_row_inner][\/vc_column][\/vc_row][vc_row container_wrap=&#8221;yes&#8221; el_class=&#8221;section-interior&#8221;][vc_column][vc_row_inner][vc_column_inner el_class=&#8221;cuadro-imagen-izquierda&#8221; width=&#8221;1\/2&#8243;][vc_column_text]<img loading=\"lazy\" class=\"alignnone wp-image-389 size-full\" src=\"https:\/\/www.espazoabella.com\/wp-content\/uploads\/2018\/11\/evento-4-1.jpg\" alt=\"\" width=\"555\" height=\"430\" srcset=\"https:\/\/www.espazoabella.com\/wp-content\/uploads\/2018\/11\/evento-4-1.jpg 555w, https:\/\/www.espazoabella.com\/wp-content\/uploads\/2018\/11\/evento-4-1-300x232.jpg 300w\" sizes=\"(max-width: 555px) 100vw, 555px\" \/>[\/vc_column_text][\/vc_column_inner][vc_column_inner el_class=&#8221;cuadro-texto cuadro-derecha&#8221; width=&#8221;1\/2&#8243;][vc_column_text]<h2 class='titulo-interior' >Equipo de profesionais<\/h2>[\/vc_column_text][vc_column_text]Este barco est\u00e1 capitaneado polo chef\u00a0<strong>Andr\u00e9 Arz\u00faa\u00a0<\/strong>que, co seu talento, traballo e ilusi\u00f3n foi capaz de sacar adiante un proxecto co que so\u00f1ou dende os seus comezos profesionais hai m\u00e1is de 20 anos. Un so\u00f1o que comparte co seu equipo \u00a0que participa da s\u00faa ilusi\u00f3n e traballo. Para preparar os\u00a0<strong>cursos<\/strong>, os\u00a0<strong>talleres<\/strong>, est\u00e1 a \u00a0\u00a0<strong>xefatura de estudos<\/strong>, que \u00a0ademais \u00e9 \u00a0<strong>laboratorio \u00a0de investigaci\u00f3n<\/strong>; un departamento comercial axuda na organizaci\u00f3n dos eventos entre outros.<\/p>\n<p>E tam\u00e9n contaremos con \u00a0magn\u00edficos\u00a0 profesionais que preparar\u00e1n talleres que nos deixar\u00e1n sorprendidos\u00a0 como alg\u00fan dos\u00a0 que xa fixemos, de panader\u00eda, bomboner\u00eda, xeader\u00eda\u2026[\/vc_column_text][\/vc_column_inner][\/vc_row_inner][\/vc_column][\/vc_row][vc_row container_wrap=&#8221;yes&#8221; el_class=&#8221;section-interior&#8221;][vc_column][vc_row_inner][vc_column_inner el_class=&#8221;cuadro-texto cuadro-izquierda&#8221; width=&#8221;1\/2&#8243;][vc_column_text]<h2 class='titulo-interior' >Instalaci\u00f3ns<\/h2>[\/vc_column_text][vc_column_text]<strong>ESPAZO ABELLA<\/strong> \u00a0\u00a0un <strong>espazo vers\u00e1til e adaptable<\/strong><\/p>\n<p>Un\u00a0<strong>espazo ideal para grupos reducidos<\/strong>\u00a0que o converte nun espazo\u00a0<strong>confortable,\u00a0<\/strong>facilitando a<strong>\u00a0participaci\u00f3n\u00a0<\/strong>do grupo<strong>.<br \/>\n<\/strong><\/p>\n<p>Dispo\u00f1emos dos equipos m\u00e1is modernos e eficaces para realizar un traballo r\u00e1pido e seguro.\u00a0<strong>Instalaci\u00f3ns equipadas cos mellores medios t\u00e9cnicos e tecnol\u00f3xicos<\/strong>, contamos tam\u00e9n con equipo multimedia\u00a0 moi pr\u00e1ctico tanto nos cursos, como nas reuni\u00f3ns de traballo.<\/p>\n<p>O\u00a0<strong>dese\u00f1o<\/strong>\u00a0\u00e9 <strong>vangardista<\/strong>\u00a0\u00e1 vez que\u00a0<strong>pr\u00e1ctico<\/strong>, aproveitando os espazos para crear un ambiente acolledor apropiado \u00e1s nosas reuni\u00f3ns.<\/p>\n<p>Ademais tam\u00e9n contamos co noso\u00a0<strong>propio horto<\/strong>\u00a0onde recolectamos dende cenorias, porros, \u2026 ata herbas arom\u00e1ticas.\u00a0 Incluso temos o noso gali\u00f1eiro!\u00a0 De onde obteremos moitos produtos para as nosas elaboraci\u00f3ns.<\/p>\n<p>Pero non deixedes de seguirnos xa que hai proxectos\/so\u00f1os que queremos que nos axudedes a conseguir para que as pr\u00f3ximas experiencias sexan ideais.[\/vc_column_text][\/vc_column_inner][vc_column_inner width=&#8221;1\/2&#8243;][vc_column_text]<img loading=\"lazy\" class=\"alignnone size-full wp-image-393\" src=\"https:\/\/www.espazoabella.com\/wp-content\/uploads\/2018\/11\/evento-5-1.jpg\" alt=\"\" width=\"555\" height=\"430\" srcset=\"https:\/\/www.espazoabella.com\/wp-content\/uploads\/2018\/11\/evento-5-1.jpg 555w, https:\/\/www.espazoabella.com\/wp-content\/uploads\/2018\/11\/evento-5-1-300x232.jpg 300w\" sizes=\"(max-width: 555px) 100vw, 555px\" \/>[\/vc_column_text][\/vc_column_inner][\/vc_row_inner][\/vc_column][\/vc_row][vc_row container_wrap=&#8221;yes&#8221; el_id=&#8221;colaboradores&#8221; el_class=&#8221;section-interior section-interior-ultimo&#8221;][vc_column][vc_row_inner][vc_column_inner width=&#8221;4\/12&#8243;][vc_column_text]<h2 class='titulo izquierda' >COLABORADORES<\/h2><\/p>\n<h4 class='subtitulo izquierda' >Marcas Asociadas<\/h4>\n<p>Colaboradores e amigos, aos que sinceramente lles agradecemos o seu apoio e confianza no noso proxecto.[\/vc_column_text][\/vc_column_inner][vc_column_inner width=&#8221;8\/12&#8243;][vc_column_text]<img loading=\"lazy\" class=\"alignnone size-medium wp-image-181\" src=\"https:\/\/www.espazoabella.com\/wp-content\/uploads\/2018\/06\/logo01-300x187.png\" alt=\"\" width=\"300\" height=\"187\" srcset=\"https:\/\/www.espazoabella.com\/wp-content\/uploads\/2018\/06\/logo01-300x187.png 300w, https:\/\/www.espazoabella.com\/wp-content\/uploads\/2018\/06\/logo01.png 317w\" sizes=\"(max-width: 300px) 100vw, 300px\" \/><img loading=\"lazy\" class=\"alignnone size-medium wp-image-182\" src=\"https:\/\/www.espazoabella.com\/wp-content\/uploads\/2018\/06\/logo02-300x187.png\" alt=\"\" width=\"300\" height=\"187\" srcset=\"https:\/\/www.espazoabella.com\/wp-content\/uploads\/2018\/06\/logo02-300x187.png 300w, https:\/\/www.espazoabella.com\/wp-content\/uploads\/2018\/06\/logo02.png 317w\" sizes=\"(max-width: 300px) 100vw, 300px\" \/><img loading=\"lazy\" class=\"alignnone size-medium wp-image-183\" src=\"https:\/\/www.espazoabella.com\/wp-content\/uploads\/2018\/06\/logo03-300x187.png\" alt=\"\" width=\"300\" height=\"187\" srcset=\"https:\/\/www.espazoabella.com\/wp-content\/uploads\/2018\/06\/logo03-300x187.png 300w, https:\/\/www.espazoabella.com\/wp-content\/uploads\/2018\/06\/logo03.png 317w\" sizes=\"(max-width: 300px) 100vw, 300px\" \/><img loading=\"lazy\" class=\"alignnone size-medium wp-image-185\" src=\"https:\/\/www.espazoabella.com\/wp-content\/uploads\/2018\/06\/logo05-300x187.png\" alt=\"\" width=\"300\" height=\"187\" srcset=\"https:\/\/www.espazoabella.com\/wp-content\/uploads\/2018\/06\/logo05-300x187.png 300w, https:\/\/www.espazoabella.com\/wp-content\/uploads\/2018\/06\/logo05.png 317w\" sizes=\"(max-width: 300px) 100vw, 300px\" \/><img loading=\"lazy\" class=\"alignnone size-medium wp-image-186\" src=\"https:\/\/www.espazoabella.com\/wp-content\/uploads\/2018\/06\/logo06-300x187.png\" alt=\"\" width=\"300\" height=\"187\" srcset=\"https:\/\/www.espazoabella.com\/wp-content\/uploads\/2018\/06\/logo06-300x187.png 300w, https:\/\/www.espazoabella.com\/wp-content\/uploads\/2018\/06\/logo06.png 317w\" sizes=\"(max-width: 300px) 100vw, 300px\" \/>[\/vc_column_text][\/vc_column_inner][\/vc_row_inner][\/vc_column][\/vc_row]<\/p>\n","protected":false},"excerpt":{"rendered":"<p>[vc_row container_wrap=&#8221;yes&#8221; el_class=&#8221;section-interior section-interior-primero&#8221;][vc_column][vc_row_inner][vc_column_inner el_class=&#8221;cuadro-texto cuadro-izquierda&#8221; width=&#8221;1\/2&#8243;][vc_column_text][\/vc_column_text][vc_column_text]Di Andr\u00e9 \u00a0que o nome de ESPAZO ABELLA \u00e9 porque a \u201cAbella\u201d \u00e9 vital, saudable e traballa en equipo. Toda unha filosof\u00eda que resume o concepto desta empresa. En Espazo Abella hai Paix\u00f3n.\u00a0 Paix\u00f3n e Respecto pola\u00a0Gastronom\u00eda e a Coci\u00f1a.\u00a0Paix\u00f3n por ensinar, para aprender, para coci\u00f1ar, para degustar, para compartir momentos. Estamos abertos a un universo destinado a un dos praceres m\u00e1is primitivos do Home. Cos\u00a0nosos \u201ctalleres monogr\u00e1ficos\u201d imos&hellip;<\/p>\n","protected":false},"author":2,"featured_media":0,"parent":0,"menu_order":0,"comment_status":"closed","ping_status":"closed","template":"pagina-interior.php","meta":[],"_links":{"self":[{"href":"https:\/\/www.espazoabella.com\/gl\/wp-json\/wp\/v2\/pages\/697"}],"collection":[{"href":"https:\/\/www.espazoabella.com\/gl\/wp-json\/wp\/v2\/pages"}],"about":[{"href":"https:\/\/www.espazoabella.com\/gl\/wp-json\/wp\/v2\/types\/page"}],"author":[{"embeddable":true,"href":"https:\/\/www.espazoabella.com\/gl\/wp-json\/wp\/v2\/users\/2"}],"replies":[{"embeddable":true,"href":"https:\/\/www.espazoabella.com\/gl\/wp-json\/wp\/v2\/comments?post=697"}],"version-history":[{"count":4,"href":"https:\/\/www.espazoabella.com\/gl\/wp-json\/wp\/v2\/pages\/697\/revisions"}],"predecessor-version":[{"id":706,"href":"https:\/\/www.espazoabella.com\/gl\/wp-json\/wp\/v2\/pages\/697\/revisions\/706"}],"wp:attachment":[{"href":"https:\/\/www.espazoabella.com\/gl\/wp-json\/wp\/v2\/media?parent=697"}],"curies":[{"name":"wp","href":"https:\/\/api.w.org\/{rel}","templated":true}]}}